{"id":3450,"date":"2021-11-09T10:41:51","date_gmt":"2021-11-09T09:41:51","guid":{"rendered":"https:\/\/provenquiere.com\/weintourismus\/le-rucher-de-la-provenquiere-et-son-miel\/"},"modified":"2023-03-28T14:35:08","modified_gmt":"2023-03-28T12:35:08","slug":"le-rucher-de-la-provenquiere-et-son-miel","status":"publish","type":"page","link":"https:\/\/provenquiere.com\/de\/weintourismus\/le-rucher-de-la-provenquiere-et-son-miel\/","title":{"rendered":"DER BIENENSTOCK VON LA PROVENQUI\u00c8RE UND SEIN HONIG"},"content":{"rendered":"<p>[et_pb_section fb_built=&#8220;1&#8243; specialty=&#8220;on&#8220; _builder_version=&#8220;4.16&#8243; _module_preset=&#8220;default&#8220; global_colors_info=&#8220;{}&#8220;][et_pb_column type=&#8220;1_2&#8243; specialty_columns=&#8220;2&#8243; _builder_version=&#8220;4.16&#8243; custom_padding=&#8220;|||&#8220; global_colors_info=&#8220;{}&#8220; custom_padding__hover=&#8220;|||&#8220;][et_pb_row_inner _builder_version=&#8220;4.16&#8243; background_size=&#8220;initial&#8220; background_position=&#8220;top_left&#8220; background_repeat=&#8220;repeat&#8220; global_colors_info=&#8220;{}&#8220;][et_pb_column_inner saved_specialty_column_type=&#8220;1_2&#8243; _builder_version=&#8220;4.16&#8243; custom_padding=&#8220;|||&#8220; global_colors_info=&#8220;{}&#8220; custom_padding__hover=&#8220;|||&#8220;][et_pb_text _builder_version=&#8220;4.17.4&#8243; link_font=&#8220;|600|||||||&#8220; link_text_color=&#8220;#946C00&#8243; background_size=&#8220;initial&#8220; background_position=&#8220;top_left&#8220; background_repeat=&#8220;repeat&#8220; global_colors_info=&#8220;{}&#8220;]<\/p>\n<p style=\"font-weight: 400;\">Entdecken Sie die Imkerei und das Leben der Provenqui\u00e8re-Bienen. Und w\u00e4hrend der Erntezeit kommt auch der lang ersehnte Moment der Provenqui\u00e8re-Honigernte! Vielen Dank an unseren Imker Adrien Soutad\u00e9, der uns bei diesem sch\u00f6nen Abenteuer begleitet hat. Hergestellt von den Bienen von <a href=\"https:\/\/www.instagram.com\/p\/B2zbuV1IuP1\/\" target=\"_blank\" rel=\"noopener\">@la_provenquiere<\/a>: Gourmethonig mit zartem Aroma.<\/p>\n<p style=\"font-weight: 400;\">Im Shop zu entdecken!<\/p>\n<p>&nbsp;<\/p>\n<p>[\/et_pb_text][\/et_pb_column_inner][\/et_pb_row_inner][et_pb_row_inner column_structure=&#8220;1_2,1_2&#8243; _builder_version=&#8220;4.16&#8243; _module_preset=&#8220;default&#8220; custom_padding=&#8220;6px||19px|||&#8220; border_radii=&#8220;on|9px|9px|9px|9px&#8220; border_width_all=&#8220;1px&#8220; border_color_all=&#8220;#73593A&#8220; global_colors_info=&#8220;{}&#8220;][et_pb_column_inner type=&#8220;1_2&#8243; saved_specialty_column_type=&#8220;1_2&#8243; _builder_version=&#8220;4.16&#8243; _module_preset=&#8220;default&#8220; global_colors_info=&#8220;{}&#8220;][et_pb_image src=&#8220;https:\/\/provenquiere.com\/wp-content\/uploads\/2022\/03\/miel-toutes-fleurs-150gr-e1647005933267.jpg&#8220; alt=&#8220;Miel du domaine la provenquiere 150gr&#8220; title_text=&#8220;miel-toutes-fleurs-150gr&#8220; url=&#8220;https:\/\/caveau.provenquiere.com\/fr\/gamme-gastronomie\/52-miel-toutes-fleurs-150gr.html&#8220; url_new_window=&#8220;on&#8220; _builder_version=&#8220;4.16&#8243; _module_preset=&#8220;default&#8220; custom_margin=&#8220;||11px|||&#8220; global_colors_info=&#8220;{}&#8220;][\/et_pb_image][et_pb_text _builder_version=&#8220;4.16&#8243; _module_preset=&#8220;default&#8220; text_font=&#8220;Montserrat||||on||||&#8220; custom_margin=&#8220;||16px|||&#8220; global_colors_info=&#8220;{}&#8220;]<\/p>\n<p class=\"h1 namne_details\" style=\"text-align: center;\">All-Blumen Honig &#8211; 150gr<\/p>\n<p>[\/et_pb_text][et_pb_button button_url=&#8220;https:\/\/caveau.provenquiere.com\/fr\/gamme-gastronomie\/52-miel-toutes-fleurs-150gr.html&#8220; url_new_window=&#8220;on&#8220; button_text=&#8220;Acheter en ligne&#8220; button_alignment=&#8220;center&#8220; _builder_version=&#8220;4.16&#8243; _module_preset=&#8220;default&#8220; custom_button=&#8220;on&#8220; button_text_size=&#8220;13px&#8220; button_text_color=&#8220;#FFFFFF&#8220; button_bg_color=&#8220;#73593A&#8220; button_border_width=&#8220;0px&#8220; global_colors_info=&#8220;{}&#8220;][\/et_pb_button][\/et_pb_column_inner][et_pb_column_inner type=&#8220;1_2&#8243; saved_specialty_column_type=&#8220;1_2&#8243; _builder_version=&#8220;4.16&#8243; _module_preset=&#8220;default&#8220; global_colors_info=&#8220;{}&#8220;][et_pb_image src=&#8220;https:\/\/provenquiere.com\/wp-content\/uploads\/2022\/03\/miel-toutes-fleurs-250gr-e1647005908635.jpg&#8220; alt=&#8220;Miel du domaine la provenquiere&#8220; title_text=&#8220;miel-toutes-fleurs-250gr&#8220; url=&#8220;https:\/\/caveau.provenquiere.com\/fr\/gamme-gastronomie\/53-miel-toutes-fleurs-250gr.html&#8220; url_new_window=&#8220;on&#8220; _builder_version=&#8220;4.16&#8243; _module_preset=&#8220;default&#8220; custom_margin=&#8220;||11px|||&#8220; global_colors_info=&#8220;{}&#8220;][\/et_pb_image][et_pb_text _builder_version=&#8220;4.17.4&#8243; _module_preset=&#8220;default&#8220; text_font=&#8220;Montserrat||||on||||&#8220; custom_margin=&#8220;||16px|||&#8220; global_colors_info=&#8220;{}&#8220;]<\/p>\n<p class=\"h1 namne_details\" style=\"text-align: center;\">All-Blumen Honig &#8211; 250gr<\/p>\n<p>[\/et_pb_text][et_pb_button button_url=&#8220;https:\/\/caveau.provenquiere.com\/fr\/gamme-gastronomie\/53-miel-toutes-fleurs-250gr.html&#8220; url_new_window=&#8220;on&#8220; button_text=&#8220;Acheter en ligne&#8220; button_alignment=&#8220;center&#8220; _builder_version=&#8220;4.16&#8243; _module_preset=&#8220;default&#8220; custom_button=&#8220;on&#8220; button_text_size=&#8220;13px&#8220; button_text_color=&#8220;#FFFFFF&#8220; button_bg_color=&#8220;#73593A&#8220; button_border_width=&#8220;0px&#8220; global_colors_info=&#8220;{}&#8220;][\/et_pb_button][\/et_pb_column_inner][\/et_pb_row_inner][\/et_pb_column][et_pb_column type=&#8220;1_2&#8243; _builder_version=&#8220;4.16&#8243; custom_padding=&#8220;|||&#8220; global_colors_info=&#8220;{}&#8220; custom_padding__hover=&#8220;|||&#8220;][et_pb_image src=&#8220;https:\/\/provenquiere.com\/wp-content\/uploads\/2021\/12\/ruche-miel-vignoble.jpg&#8220; alt=&#8220;Ruche, Miel et vignoble, au Domaine la Provenquiere&#8220; title_text=&#8220;ruche-miel-vignoble&#8220; show_in_lightbox=&#8220;on&#8220; _builder_version=&#8220;4.16&#8243; _module_preset=&#8220;default&#8220; global_colors_info=&#8220;{}&#8220;][\/et_pb_image][\/et_pb_column][\/et_pb_section][et_pb_section fb_built=&#8220;1&#8243; _builder_version=&#8220;4.16&#8243; global_colors_info=&#8220;{}&#8220;][et_pb_row column_structure=&#8220;1_4,1_4,1_4,1_4&#8243; _builder_version=&#8220;4.16&#8243; _module_preset=&#8220;default&#8220; global_colors_info=&#8220;{}&#8220;][et_pb_column type=&#8220;1_4&#8243; _builder_version=&#8220;4.16&#8243; _module_preset=&#8220;default&#8220; global_colors_info=&#8220;{}&#8220;][et_pb_image src=&#8220;https:\/\/provenquiere.com\/wp-content\/uploads\/2022\/03\/71137310_2965682493657900_840380035219543034_n.jpg&#8220; alt=&#8220;LE RUCHER DE LA PROVENQUI\u00c8RE ET SON MIEL&#8220; title_text=&#8220;71137310_2965682493657900_840380035219543034_n&#8220; show_in_lightbox=&#8220;on&#8220; _builder_version=&#8220;4.16&#8243; _module_preset=&#8220;default&#8220; global_colors_info=&#8220;{}&#8220;][\/et_pb_image][\/et_pb_column][et_pb_column type=&#8220;1_4&#8243; _builder_version=&#8220;4.16&#8243; _module_preset=&#8220;default&#8220; global_colors_info=&#8220;{}&#8220;][et_pb_image src=&#8220;https:\/\/provenquiere.com\/wp-content\/uploads\/2022\/03\/67404588_513177086175401_4751732560570390087_n.jpg&#8220; alt=&#8220;LE RUCHER DE LA PROVENQUI\u00c8RE ET SON MIEL&#8220; title_text=&#8220;67404588_513177086175401_4751732560570390087_n&#8220; show_in_lightbox=&#8220;on&#8220; _builder_version=&#8220;4.16&#8243; _module_preset=&#8220;default&#8220; global_colors_info=&#8220;{}&#8220;][\/et_pb_image][\/et_pb_column][et_pb_column type=&#8220;1_4&#8243; _builder_version=&#8220;4.16&#8243; _module_preset=&#8220;default&#8220; global_colors_info=&#8220;{}&#8220;][et_pb_image src=&#8220;https:\/\/provenquiere.com\/wp-content\/uploads\/2022\/03\/69878655_210636679920200_1887355413822804232_n.jpg&#8220; alt=&#8220;LE RUCHER DE LA PROVENQUI\u00c8RE ET SON MIEL&#8220; title_text=&#8220;69878655_210636679920200_1887355413822804232_n&#8220; show_in_lightbox=&#8220;on&#8220; _builder_version=&#8220;4.16&#8243; _module_preset=&#8220;default&#8220; global_colors_info=&#8220;{}&#8220;][\/et_pb_image][\/et_pb_column][et_pb_column type=&#8220;1_4&#8243; _builder_version=&#8220;4.16&#8243; _module_preset=&#8220;default&#8220; global_colors_info=&#8220;{}&#8220;][et_pb_image src=&#8220;https:\/\/provenquiere.com\/wp-content\/uploads\/2022\/03\/69438053_1285649098309259_8952693194806699257_n.jpg&#8220; alt=&#8220;LE RUCHER DE LA PROVENQUI\u00c8RE ET SON MIEL&#8220; title_text=&#8220;69438053_1285649098309259_8952693194806699257_n&#8220; show_in_lightbox=&#8220;on&#8220; _builder_version=&#8220;4.16&#8243; _module_preset=&#8220;default&#8220; global_colors_info=&#8220;{}&#8220;][\/et_pb_image][\/et_pb_column][\/et_pb_row][\/et_pb_section][et_pb_section fb_built=&#8220;1&#8243; _builder_version=&#8220;4.16&#8243; _module_preset=&#8220;default&#8220; global_colors_info=&#8220;{}&#8220;][et_pb_row _builder_version=&#8220;4.16&#8243; _module_preset=&#8220;default&#8220; global_colors_info=&#8220;{}&#8220;][et_pb_column type=&#8220;4_4&#8243; _builder_version=&#8220;4.16&#8243; _module_preset=&#8220;default&#8220; global_colors_info=&#8220;{}&#8220;][et_pb_text _builder_version=&#8220;4.17.4&#8243; _module_preset=&#8220;default&#8220; header_2_font=&#8220;|||on|||||&#8220; header_2_font_size=&#8220;20px&#8220; module_alignment=&#8220;center&#8220; custom_margin=&#8220;||0px||false|false&#8220; custom_padding=&#8220;||0px||false|false&#8220; global_colors_info=&#8220;{}&#8220;]<\/p>\n<h2><a href=\"https:\/\/provenquiere.com\/de\/activite\/oenotourisme-de\/\">WEINTOURISMUS-AKTIVIT\u00c4TEN UND -DIENSTLEISTUNGEN AUF DEM WEINGUT<\/a><\/h2>\n<p>[\/et_pb_text][et_pb_divider _builder_version=&#8220;4.16&#8243; _module_preset=&#8220;default&#8220; width=&#8220;150px&#8220; module_alignment=&#8220;left&#8220; custom_margin=&#8220;0px||0px||false|false&#8220; custom_padding=&#8220;0px||0px||false|false&#8220; global_colors_info=&#8220;{}&#8220;][\/et_pb_divider][\/et_pb_column][\/et_pb_row][et_pb_row column_structure=&#8220;1_6,1_6,1_6,1_6,1_6,1_6&#8243; use_custom_gutter=&#8220;on&#8220; gutter_width=&#8220;2&#8243; make_equal=&#8220;on&#8220; _builder_version=&#8220;4.16&#8243; _module_preset=&#8220;default&#8220; module_alignment=&#8220;center&#8220; custom_margin=&#8220;0px||||false|false&#8220; custom_padding=&#8220;0px||||false|false&#8220; global_colors_info=&#8220;{}&#8220;][et_pb_column type=&#8220;1_6&#8243; _builder_version=&#8220;4.16&#8243; _dynamic_attributes=&#8220;link_option_url&#8220; _module_preset=&#8220;default&#8220; background_image=&#8220;https:\/\/provenquiere.com\/wp-content\/uploads\/2021\/10\/0037-domaine-de-la-provenquiere.jpg&#8220; link_option_url=&#8220;@ET-DC@eyJkeW5hbWljIjp0cnVlLCJjb250ZW50IjoicG9zdF9saW5rX3VybF9wYWdlIiwic2V0dGluZ3MiOnsicG9zdF9pZCI6Ijk4MCJ9fQ==@&#8220; global_colors_info=&#8220;{}&#8220; transform_styles__hover_enabled=&#8220;on|hover&#8220; transform_scale__hover_enabled=&#8220;on|hover&#8220; transform_translate__hover_enabled=&#8220;on|desktop&#8220; transform_rotate__hover_enabled=&#8220;on|desktop&#8220; transform_skew__hover_enabled=&#8220;on|desktop&#8220; transform_origin__hover_enabled=&#8220;on|desktop&#8220; transform_scale__hover=&#8220;105%|105%&#8220;][et_pb_text _builder_version=&#8220;4.17.4&#8243; _module_preset=&#8220;default&#8220; text_font=&#8220;Montserrat||||||||&#8220; text_text_color=&#8220;#FFFFFF&#8220; text_font_size=&#8220;16px&#8220; text_orientation=&#8220;center&#8220; custom_padding=&#8220;40px||40px||true|false&#8220; text_text_shadow_style=&#8220;preset3&#8243; global_colors_info=&#8220;{}&#8220;]<\/p>\n<p style=\"font-weight: 400;\">BESICHTIGUNG DES WEINKELLERS UND WEINPROBE AUF DEM WEINGUT<\/p>\n<p>[\/et_pb_text][\/et_pb_column][et_pb_column type=&#8220;1_6&#8243; _builder_version=&#8220;4.16&#8243; _dynamic_attributes=&#8220;link_option_url&#8220; _module_preset=&#8220;default&#8220; background_image=&#8220;https:\/\/provenquiere.com\/wp-content\/uploads\/2021\/11\/canal-du-midi-a-velo.jpg&#8220; link_option_url=&#8220;@ET-DC@eyJkeW5hbWljIjp0cnVlLCJjb250ZW50IjoicG9zdF9saW5rX3VybF9wYWdlIiwic2V0dGluZ3MiOnsicG9zdF9pZCI6Ijk1MiJ9fQ==@&#8220; global_colors_info=&#8220;{}&#8220; transform_styles__hover_enabled=&#8220;on|hover&#8220; transform_scale__hover=&#8220;105%|105%&#8220; transform_scale__hover_enabled=&#8220;on|hover&#8220; transform_translate__hover_enabled=&#8220;on|desktop&#8220; transform_rotate__hover_enabled=&#8220;on|desktop&#8220; transform_skew__hover_enabled=&#8220;on|desktop&#8220; transform_origin__hover_enabled=&#8220;on|desktop&#8220;][et_pb_text _builder_version=&#8220;4.17.4&#8243; _module_preset=&#8220;default&#8220; text_font=&#8220;Montserrat||||||||&#8220; text_text_color=&#8220;#FFFFFF&#8220; text_font_size=&#8220;16px&#8220; text_orientation=&#8220;center&#8220; custom_padding=&#8220;40px||40px||true|false&#8220; text_text_shadow_style=&#8220;preset3&#8243; global_colors_info=&#8220;{}&#8220;]<\/p>\n<p style=\"font-weight: 400;\">DER CANAL DU MIDI\u2026<\/p>\n<p>[\/et_pb_text][\/et_pb_column][et_pb_column type=&#8220;1_6&#8243; _builder_version=&#8220;4.16&#8243; _dynamic_attributes=&#8220;link_option_url&#8220; _module_preset=&#8220;default&#8220; background_image=&#8220;https:\/\/provenquiere.com\/wp-content\/uploads\/2021\/11\/canal-du-midi-capestang-degustation-vin.jpg&#8220; link_option_url=&#8220;@ET-DC@eyJkeW5hbWljIjp0cnVlLCJjb250ZW50IjoicG9zdF9saW5rX3VybF9wYWdlIiwic2V0dGluZ3MiOnsicG9zdF9pZCI6Ijk0MyJ9fQ==@&#8220; global_colors_info=&#8220;{}&#8220; transform_styles__hover_enabled=&#8220;on|hover&#8220; transform_scale__hover=&#8220;105%|105%&#8220; transform_scale__hover_enabled=&#8220;on|hover&#8220; transform_translate__hover_enabled=&#8220;on|desktop&#8220; transform_rotate__hover_enabled=&#8220;on|desktop&#8220; transform_skew__hover_enabled=&#8220;on|desktop&#8220; transform_origin__hover_enabled=&#8220;on|desktop&#8220;][et_pb_text _builder_version=&#8220;4.17.4&#8243; _module_preset=&#8220;default&#8220; text_font=&#8220;Montserrat||||||||&#8220; text_text_color=&#8220;#FFFFFF&#8220; text_font_size=&#8220;16px&#8220; text_orientation=&#8220;center&#8220; custom_padding=&#8220;40px||40px||true|false&#8220; text_text_shadow_style=&#8220;preset3&#8243; global_colors_info=&#8220;{}&#8220;]<\/p>\n<p style=\"font-weight: 400;\">WEINPROBE UND BOOTSFAHRT AUF DEM CANAL DU MIDI<\/p>\n<p>[\/et_pb_text][\/et_pb_column][et_pb_column type=&#8220;1_6&#8243; _builder_version=&#8220;4.16&#8243; _dynamic_attributes=&#8220;link_option_url&#8220; _module_preset=&#8220;default&#8220; background_image=&#8220;https:\/\/provenquiere.com\/wp-content\/uploads\/2022\/03\/Domaine-la-provenquiere-degustation-visite.jpg&#8220; link_option_url=&#8220;@ET-DC@eyJkeW5hbWljIjp0cnVlLCJjb250ZW50IjoicG9zdF9saW5rX3VybF9wYWdlIiwic2V0dGluZ3MiOnsicG9zdF9pZCI6IjkzOCJ9fQ==@&#8220; global_colors_info=&#8220;{}&#8220; transform_styles__hover_enabled=&#8220;on|hover&#8220; transform_scale__hover=&#8220;105%|105%&#8220; transform_scale__hover_enabled=&#8220;on|hover&#8220; transform_translate__hover_enabled=&#8220;on|desktop&#8220; transform_rotate__hover_enabled=&#8220;on|desktop&#8220; transform_skew__hover_enabled=&#8220;on|desktop&#8220; transform_origin__hover_enabled=&#8220;on|desktop&#8220;][et_pb_text _builder_version=&#8220;4.17.4&#8243; _module_preset=&#8220;default&#8220; text_font=&#8220;Montserrat||||||||&#8220; text_text_color=&#8220;#FFFFFF&#8220; text_font_size=&#8220;16px&#8220; text_orientation=&#8220;center&#8220; custom_padding=&#8220;40px||40px||true|false&#8220; text_text_shadow_style=&#8220;preset3&#8243; global_colors_info=&#8220;{}&#8220;]<\/p>\n<p style=\"font-weight: 400;\">WEINWANDERUNG UND WEINPROBE IM HERZEN DES WEINGUTS LA PROVENQUI\u00c8RE<\/p>\n<p>[\/et_pb_text][\/et_pb_column][et_pb_column type=&#8220;1_6&#8243; _builder_version=&#8220;4.16&#8243; _dynamic_attributes=&#8220;link_option_url&#8220; _module_preset=&#8220;default&#8220; background_image=&#8220;https:\/\/provenquiere.com\/wp-content\/uploads\/2022\/02\/L_J-9-scaled-e1645625493386.jpg&#8220; link_option_url=&#8220;@ET-DC@eyJkeW5hbWljIjp0cnVlLCJjb250ZW50IjoicG9zdF9saW5rX3VybF9wYWdlIiwic2V0dGluZ3MiOnsicG9zdF9pZCI6Ijk4NSJ9fQ==@&#8220; global_colors_info=&#8220;{}&#8220; transform_styles__hover_enabled=&#8220;on|hover&#8220; transform_scale__hover=&#8220;105%|105%&#8220; transform_scale__hover_enabled=&#8220;on|hover&#8220; transform_translate__hover_enabled=&#8220;on|desktop&#8220; transform_rotate__hover_enabled=&#8220;on|desktop&#8220; transform_skew__hover_enabled=&#8220;on|desktop&#8220; transform_origin__hover_enabled=&#8220;on|desktop&#8220;][et_pb_text _builder_version=&#8220;4.17.4&#8243; _module_preset=&#8220;default&#8220; text_font=&#8220;Montserrat||||||||&#8220; text_text_color=&#8220;#FFFFFF&#8220; text_font_size=&#8220;16px&#8220; text_orientation=&#8220;center&#8220; custom_padding=&#8220;40px||40px||true|false&#8220; text_text_shadow_style=&#8220;preset3&#8243; global_colors_info=&#8220;{}&#8220;]<\/p>\n<p style=\"font-weight: 400;\">MINIFARM VON LA PROVENQUI\u00c8RE<\/p>\n<p>[\/et_pb_text][\/et_pb_column][et_pb_column type=&#8220;1_6&#8243; _builder_version=&#8220;4.16&#8243; _dynamic_attributes=&#8220;link_option_url&#8220; _module_preset=&#8220;default&#8220; background_image=&#8220;https:\/\/provenquiere.com\/wp-content\/uploads\/2022\/03\/domaine-provenquiere-concert-culture-capestang.jpg&#8220; link_option_url=&#8220;@ET-DC@eyJkeW5hbWljIjp0cnVlLCJjb250ZW50IjoicG9zdF9saW5rX3VybF9wYWdlIiwic2V0dGluZ3MiOnsicG9zdF9pZCI6IjE5NzIifX0=@&#8220; global_colors_info=&#8220;{}&#8220; transform_styles__hover_enabled=&#8220;on|hover&#8220; transform_scale__hover=&#8220;105%|105%&#8220; transform_scale__hover_enabled=&#8220;on|hover&#8220; transform_translate__hover_enabled=&#8220;on|desktop&#8220; transform_rotate__hover_enabled=&#8220;on|desktop&#8220; transform_skew__hover_enabled=&#8220;on|desktop&#8220; transform_origin__hover_enabled=&#8220;on|desktop&#8220;][et_pb_text _builder_version=&#8220;4.17.4&#8243; _module_preset=&#8220;default&#8220; text_font=&#8220;Montserrat||||||||&#8220; text_text_color=&#8220;#FFFFFF&#8220; text_font_size=&#8220;16px&#8220; text_orientation=&#8220;center&#8220; custom_padding=&#8220;40px||40px||true|false&#8220; text_text_shadow_style=&#8220;preset3&#8243; global_colors_info=&#8220;{}&#8220;]<\/p>\n<p style=\"font-weight: 400;\">ORGANISIEREN SIE IHRE KUNSTVERANSTALTUNG AUF DEM WEINGUT<\/p>\n<p>[\/et_pb_text][\/et_pb_column][\/et_pb_row][\/et_pb_section]<\/p>\n","protected":false},"excerpt":{"rendered":"<p>Le temps d\u2019une pause \u00e0 la d\u00e9couverte de la vie des abeilles de la Provenquiere avec un rucher \u00e9cole. <\/p>\n","protected":false},"author":2,"featured_media":2753,"parent":3186,"menu_order":0,"comment_status":"open","ping_status":"closed","template":"","meta":{"_et_pb_use_builder":"on","_et_pb_old_content":"<h2>(disponible en 2022)<\/h2><p>Le temps d\u2019une pause \u00e0 la d\u00e9couverte de la vie des abeilles de la Provenquiere avec un rucher \u00e9cole.<\/p>","_et_gb_content_width":"","footnotes":""},"class_list":["post-3450","page","type-page","status-publish","has-post-thumbnail","hentry"],"yoast_head":"<!-- This site is optimized with the Yoast SEO plugin v27.4 - https:\/\/yoast.com\/product\/yoast-seo-wordpress\/ -->\n<title>Bienenstock und Honig von La Provenqui\u00e8re | Domaine La Provenqui\u00e8re<\/title>\n<meta name=\"description\" content=\"Entdecken Sie die Imkerei und das Leben der Bienen an unseren Bienenst\u00e4nden und probieren Sie anschlie\u00dfend unseren Gourmet-Honig mit der Signatur La Provenqui\u00e8re. In unserer Boutique erh\u00e4ltlich!\" \/>\n<meta name=\"robots\" content=\"index, follow, max-snippet:-1, max-image-preview:large, max-video-preview:-1\" \/>\n<link rel=\"canonical\" href=\"https:\/\/provenquiere.com\/de\/weintourismus\/le-rucher-de-la-provenquiere-et-son-miel\/\" \/>\n<meta property=\"og:locale\" content=\"de_DE\" \/>\n<meta property=\"og:type\" content=\"article\" \/>\n<meta property=\"og:title\" content=\"Bienenstock und Honig von La Provenqui\u00e8re | Domaine La Provenqui\u00e8re\" \/>\n<meta property=\"og:description\" content=\"Entdecken Sie die Imkerei und das Leben der Bienen an unseren Bienenst\u00e4nden und probieren Sie anschlie\u00dfend unseren Gourmet-Honig mit der Signatur La Provenqui\u00e8re. In unserer Boutique erh\u00e4ltlich!\" \/>\n<meta property=\"og:url\" content=\"https:\/\/provenquiere.com\/de\/weintourismus\/le-rucher-de-la-provenquiere-et-son-miel\/\" \/>\n<meta property=\"og:site_name\" content=\"Domaine La Provenqui\u00e8re, Domaine viticole du Languedoc\" \/>\n<meta property=\"article:publisher\" content=\"https:\/\/www.facebook.com\/domainelaprovenquiere\" \/>\n<meta property=\"article:modified_time\" content=\"2023-03-28T12:35:08+00:00\" \/>\n<meta property=\"og:image\" content=\"https:\/\/provenquiere.com\/wp-content\/uploads\/2021\/11\/HDC_6136.jpg\" \/>\n\t<meta property=\"og:image:width\" content=\"1599\" \/>\n\t<meta property=\"og:image:height\" content=\"1067\" \/>\n\t<meta property=\"og:image:type\" content=\"image\/jpeg\" \/>\n<meta name=\"twitter:card\" content=\"summary_large_image\" \/>\n<meta name=\"twitter:site\" content=\"@laprovenquiere\" \/>\n<meta name=\"twitter:label1\" content=\"Gesch\u00e4tzte Lesezeit\" \/>\n\t<meta name=\"twitter:data1\" content=\"3\u00a0Minuten\" \/>\n<script type=\"application\/ld+json\" class=\"yoast-schema-graph\">{\"@context\":\"https:\\\/\\\/schema.org\",\"@graph\":[{\"@type\":\"WebPage\",\"@id\":\"https:\\\/\\\/provenquiere.com\\\/de\\\/weintourismus\\\/le-rucher-de-la-provenquiere-et-son-miel\\\/\",\"url\":\"https:\\\/\\\/provenquiere.com\\\/de\\\/weintourismus\\\/le-rucher-de-la-provenquiere-et-son-miel\\\/\",\"name\":\"Bienenstock und Honig von La Provenqui\u00e8re | Domaine La Provenqui\u00e8re\",\"isPartOf\":{\"@id\":\"https:\\\/\\\/provenquiere.com\\\/de\\\/#website\"},\"primaryImageOfPage\":{\"@id\":\"https:\\\/\\\/provenquiere.com\\\/de\\\/weintourismus\\\/le-rucher-de-la-provenquiere-et-son-miel\\\/#primaryimage\"},\"image\":{\"@id\":\"https:\\\/\\\/provenquiere.com\\\/de\\\/weintourismus\\\/le-rucher-de-la-provenquiere-et-son-miel\\\/#primaryimage\"},\"thumbnailUrl\":\"https:\\\/\\\/provenquiere.com\\\/wp-content\\\/uploads\\\/2021\\\/11\\\/HDC_6136.jpg\",\"datePublished\":\"2021-11-09T09:41:51+00:00\",\"dateModified\":\"2023-03-28T12:35:08+00:00\",\"description\":\"Entdecken Sie die Imkerei und das Leben der Bienen an unseren Bienenst\u00e4nden und probieren Sie anschlie\u00dfend unseren Gourmet-Honig mit der Signatur La Provenqui\u00e8re. In unserer Boutique erh\u00e4ltlich!\",\"breadcrumb\":{\"@id\":\"https:\\\/\\\/provenquiere.com\\\/de\\\/weintourismus\\\/le-rucher-de-la-provenquiere-et-son-miel\\\/#breadcrumb\"},\"inLanguage\":\"de\",\"potentialAction\":[{\"@type\":\"ReadAction\",\"target\":[\"https:\\\/\\\/provenquiere.com\\\/de\\\/weintourismus\\\/le-rucher-de-la-provenquiere-et-son-miel\\\/\"]}]},{\"@type\":\"ImageObject\",\"inLanguage\":\"de\",\"@id\":\"https:\\\/\\\/provenquiere.com\\\/de\\\/weintourismus\\\/le-rucher-de-la-provenquiere-et-son-miel\\\/#primaryimage\",\"url\":\"https:\\\/\\\/provenquiere.com\\\/wp-content\\\/uploads\\\/2021\\\/11\\\/HDC_6136.jpg\",\"contentUrl\":\"https:\\\/\\\/provenquiere.com\\\/wp-content\\\/uploads\\\/2021\\\/11\\\/HDC_6136.jpg\",\"width\":1599,\"height\":1067},{\"@type\":\"BreadcrumbList\",\"@id\":\"https:\\\/\\\/provenquiere.com\\\/de\\\/weintourismus\\\/le-rucher-de-la-provenquiere-et-son-miel\\\/#breadcrumb\",\"itemListElement\":[{\"@type\":\"ListItem\",\"position\":1,\"name\":\"Accueil\",\"item\":\"https:\\\/\\\/provenquiere.com\\\/de\\\/\"},{\"@type\":\"ListItem\",\"position\":2,\"name\":\"WEINTOURISMUS-AKTIVIT\u00c4TEN UND -DIENSTLEISTUNGEN AUF DEM WEINGUT\",\"item\":\"https:\\\/\\\/provenquiere.com\\\/de\\\/weintourismus\\\/\"},{\"@type\":\"ListItem\",\"position\":3,\"name\":\"DER BIENENSTOCK VON LA PROVENQUI\u00c8RE UND SEIN HONIG\"}]},{\"@type\":\"WebSite\",\"@id\":\"https:\\\/\\\/provenquiere.com\\\/de\\\/#website\",\"url\":\"https:\\\/\\\/provenquiere.com\\\/de\\\/\",\"name\":\"Domaine La Provenqui\u00e8re, Domaine viticole du Languedoc\",\"description\":\"Le domaine de la Provenqui\u00e8re, situ\u00e9 \u00e0 Capestang pr\u00e8s de B\u00e9ziers, en Languedoc, domine la r\u00e9gion de sa tour aux tuiles vertes.\",\"publisher\":{\"@id\":\"https:\\\/\\\/provenquiere.com\\\/de\\\/#organization\"},\"potentialAction\":[{\"@type\":\"SearchAction\",\"target\":{\"@type\":\"EntryPoint\",\"urlTemplate\":\"https:\\\/\\\/provenquiere.com\\\/de\\\/?s={search_term_string}\"},\"query-input\":{\"@type\":\"PropertyValueSpecification\",\"valueRequired\":true,\"valueName\":\"search_term_string\"}}],\"inLanguage\":\"de\"},{\"@type\":\"Organization\",\"@id\":\"https:\\\/\\\/provenquiere.com\\\/de\\\/#organization\",\"name\":\"Domaine La Provenqui\u00e8re\",\"url\":\"https:\\\/\\\/provenquiere.com\\\/de\\\/\",\"logo\":{\"@type\":\"ImageObject\",\"inLanguage\":\"de\",\"@id\":\"https:\\\/\\\/provenquiere.com\\\/de\\\/#\\\/schema\\\/logo\\\/image\\\/\",\"url\":\"https:\\\/\\\/provenquiere.com\\\/wp-content\\\/uploads\\\/2022\\\/05\\\/domaine-la-provenquiere-reception.jpg\",\"contentUrl\":\"https:\\\/\\\/provenquiere.com\\\/wp-content\\\/uploads\\\/2022\\\/05\\\/domaine-la-provenquiere-reception.jpg\",\"width\":1500,\"height\":1004,\"caption\":\"Domaine La Provenqui\u00e8re\"},\"image\":{\"@id\":\"https:\\\/\\\/provenquiere.com\\\/de\\\/#\\\/schema\\\/logo\\\/image\\\/\"},\"sameAs\":[\"https:\\\/\\\/www.facebook.com\\\/domainelaprovenquiere\",\"https:\\\/\\\/x.com\\\/laprovenquiere\",\"https:\\\/\\\/www.instagram.com\\\/la_provenquiere\\\/\"]}]}<\/script>\n<!-- \/ Yoast SEO plugin. -->","yoast_head_json":{"title":"Bienenstock und Honig von La Provenqui\u00e8re | Domaine La Provenqui\u00e8re","description":"Entdecken Sie die Imkerei und das Leben der Bienen an unseren Bienenst\u00e4nden und probieren Sie anschlie\u00dfend unseren Gourmet-Honig mit der Signatur La Provenqui\u00e8re. In unserer Boutique erh\u00e4ltlich!","robots":{"index":"index","follow":"follow","max-snippet":"max-snippet:-1","max-image-preview":"max-image-preview:large","max-video-preview":"max-video-preview:-1"},"canonical":"https:\/\/provenquiere.com\/de\/weintourismus\/le-rucher-de-la-provenquiere-et-son-miel\/","og_locale":"de_DE","og_type":"article","og_title":"Bienenstock und Honig von La Provenqui\u00e8re | Domaine La Provenqui\u00e8re","og_description":"Entdecken Sie die Imkerei und das Leben der Bienen an unseren Bienenst\u00e4nden und probieren Sie anschlie\u00dfend unseren Gourmet-Honig mit der Signatur La Provenqui\u00e8re. In unserer Boutique erh\u00e4ltlich!","og_url":"https:\/\/provenquiere.com\/de\/weintourismus\/le-rucher-de-la-provenquiere-et-son-miel\/","og_site_name":"Domaine La Provenqui\u00e8re, Domaine viticole du Languedoc","article_publisher":"https:\/\/www.facebook.com\/domainelaprovenquiere","article_modified_time":"2023-03-28T12:35:08+00:00","og_image":[{"width":1599,"height":1067,"url":"https:\/\/provenquiere.com\/wp-content\/uploads\/2021\/11\/HDC_6136.jpg","type":"image\/jpeg"}],"twitter_card":"summary_large_image","twitter_site":"@laprovenquiere","twitter_misc":{"Gesch\u00e4tzte Lesezeit":"3\u00a0Minuten"},"schema":{"@context":"https:\/\/schema.org","@graph":[{"@type":"WebPage","@id":"https:\/\/provenquiere.com\/de\/weintourismus\/le-rucher-de-la-provenquiere-et-son-miel\/","url":"https:\/\/provenquiere.com\/de\/weintourismus\/le-rucher-de-la-provenquiere-et-son-miel\/","name":"Bienenstock und Honig von La Provenqui\u00e8re | Domaine La Provenqui\u00e8re","isPartOf":{"@id":"https:\/\/provenquiere.com\/de\/#website"},"primaryImageOfPage":{"@id":"https:\/\/provenquiere.com\/de\/weintourismus\/le-rucher-de-la-provenquiere-et-son-miel\/#primaryimage"},"image":{"@id":"https:\/\/provenquiere.com\/de\/weintourismus\/le-rucher-de-la-provenquiere-et-son-miel\/#primaryimage"},"thumbnailUrl":"https:\/\/provenquiere.com\/wp-content\/uploads\/2021\/11\/HDC_6136.jpg","datePublished":"2021-11-09T09:41:51+00:00","dateModified":"2023-03-28T12:35:08+00:00","description":"Entdecken Sie die Imkerei und das Leben der Bienen an unseren Bienenst\u00e4nden und probieren Sie anschlie\u00dfend unseren Gourmet-Honig mit der Signatur La Provenqui\u00e8re. In unserer Boutique erh\u00e4ltlich!","breadcrumb":{"@id":"https:\/\/provenquiere.com\/de\/weintourismus\/le-rucher-de-la-provenquiere-et-son-miel\/#breadcrumb"},"inLanguage":"de","potentialAction":[{"@type":"ReadAction","target":["https:\/\/provenquiere.com\/de\/weintourismus\/le-rucher-de-la-provenquiere-et-son-miel\/"]}]},{"@type":"ImageObject","inLanguage":"de","@id":"https:\/\/provenquiere.com\/de\/weintourismus\/le-rucher-de-la-provenquiere-et-son-miel\/#primaryimage","url":"https:\/\/provenquiere.com\/wp-content\/uploads\/2021\/11\/HDC_6136.jpg","contentUrl":"https:\/\/provenquiere.com\/wp-content\/uploads\/2021\/11\/HDC_6136.jpg","width":1599,"height":1067},{"@type":"BreadcrumbList","@id":"https:\/\/provenquiere.com\/de\/weintourismus\/le-rucher-de-la-provenquiere-et-son-miel\/#breadcrumb","itemListElement":[{"@type":"ListItem","position":1,"name":"Accueil","item":"https:\/\/provenquiere.com\/de\/"},{"@type":"ListItem","position":2,"name":"WEINTOURISMUS-AKTIVIT\u00c4TEN UND -DIENSTLEISTUNGEN AUF DEM WEINGUT","item":"https:\/\/provenquiere.com\/de\/weintourismus\/"},{"@type":"ListItem","position":3,"name":"DER BIENENSTOCK VON LA PROVENQUI\u00c8RE UND SEIN HONIG"}]},{"@type":"WebSite","@id":"https:\/\/provenquiere.com\/de\/#website","url":"https:\/\/provenquiere.com\/de\/","name":"Domaine La Provenqui\u00e8re, Domaine viticole du Languedoc","description":"Le domaine de la Provenqui\u00e8re, situ\u00e9 \u00e0 Capestang pr\u00e8s de B\u00e9ziers, en Languedoc, domine la r\u00e9gion de sa tour aux tuiles vertes.","publisher":{"@id":"https:\/\/provenquiere.com\/de\/#organization"},"potentialAction":[{"@type":"SearchAction","target":{"@type":"EntryPoint","urlTemplate":"https:\/\/provenquiere.com\/de\/?s={search_term_string}"},"query-input":{"@type":"PropertyValueSpecification","valueRequired":true,"valueName":"search_term_string"}}],"inLanguage":"de"},{"@type":"Organization","@id":"https:\/\/provenquiere.com\/de\/#organization","name":"Domaine La Provenqui\u00e8re","url":"https:\/\/provenquiere.com\/de\/","logo":{"@type":"ImageObject","inLanguage":"de","@id":"https:\/\/provenquiere.com\/de\/#\/schema\/logo\/image\/","url":"https:\/\/provenquiere.com\/wp-content\/uploads\/2022\/05\/domaine-la-provenquiere-reception.jpg","contentUrl":"https:\/\/provenquiere.com\/wp-content\/uploads\/2022\/05\/domaine-la-provenquiere-reception.jpg","width":1500,"height":1004,"caption":"Domaine La Provenqui\u00e8re"},"image":{"@id":"https:\/\/provenquiere.com\/de\/#\/schema\/logo\/image\/"},"sameAs":["https:\/\/www.facebook.com\/domainelaprovenquiere","https:\/\/x.com\/laprovenquiere","https:\/\/www.instagram.com\/la_provenquiere\/"]}]}},"_links":{"self":[{"href":"https:\/\/provenquiere.com\/de\/wp-json\/wp\/v2\/pages\/3450","targetHints":{"allow":["GET"]}}],"collection":[{"href":"https:\/\/provenquiere.com\/de\/wp-json\/wp\/v2\/pages"}],"about":[{"href":"https:\/\/provenquiere.com\/de\/wp-json\/wp\/v2\/types\/page"}],"author":[{"embeddable":true,"href":"https:\/\/provenquiere.com\/de\/wp-json\/wp\/v2\/users\/2"}],"replies":[{"embeddable":true,"href":"https:\/\/provenquiere.com\/de\/wp-json\/wp\/v2\/comments?post=3450"}],"version-history":[{"count":0,"href":"https:\/\/provenquiere.com\/de\/wp-json\/wp\/v2\/pages\/3450\/revisions"}],"up":[{"embeddable":true,"href":"https:\/\/provenquiere.com\/de\/wp-json\/wp\/v2\/pages\/3186"}],"wp:featuredmedia":[{"embeddable":true,"href":"https:\/\/provenquiere.com\/de\/wp-json\/wp\/v2\/media\/2753"}],"wp:attachment":[{"href":"https:\/\/provenquiere.com\/de\/wp-json\/wp\/v2\/media?parent=3450"}],"curies":[{"name":"wp","href":"https:\/\/api.w.org\/{rel}","templated":true}]}}